{"id":204,"date":"2024-01-10T11:39:45","date_gmt":"2024-01-10T10:39:45","guid":{"rendered":"https:\/\/ul-cgt-aubagne.fr\/?page_id=204"},"modified":"2025-07-24T11:35:27","modified_gmt":"2025-07-24T09:35:27","slug":"bienvenu-sur-le-site-de-lunion-locale-de-aubagne-et-sa-region","status":"publish","type":"page","link":"https:\/\/ul-cgt-aubagne.fr\/","title":{"rendered":"Bienvenue sur le site de l\u2019UL CGT Aubagne !"},"content":{"rendered":"\n<p>Les unions locales sont constitu\u00e9es par les syndicats et sections syndicales relevant d\u2019une m\u00eame zone g\u00e9ographique.<br>L\u2019union locale impulse et coordonne l\u2019activit\u00e9 de la CGT dans son secteur\u00a0: Aubagne, La Penne sur Huveaune, G\u00e9menos, Cuges les Pins, Belcod\u00e8ne, Peypin, La Bouilladisse, La Destrousse, Roquevaire, Auriol.<\/p>\n\n\n\n<p>Elle est le lieu privil\u00e9gi\u00e9 o\u00f9 les syndicats et sections syndicales des petites, moyennes et grandes entreprises des secteurs priv\u00e9, public et nationalis\u00e9, peuvent d\u00e9finir et pr\u00e9ciser leurs objectifs communs, \u00e9pauler mutuellement leurs actions et donner toute leur efficacit\u00e9 aux luttes professionnelles et d\u2019ensemble.<\/p>\n\n\n\n<p>Nos missions:<\/p>\n\n\n\n<ul class=\"wp-block-list\">\n<li>D\u00e9velopper les solidarit\u00e9s entre toutes les salari\u00e9s, de toutes g\u00e9n\u00e9rations, ayant ou non un emploi, un logement, des droits sociaux.<\/li>\n\n\n\n<li>Donner au d\u00e9ploiement de la CGT toute l\u2019ampleur n\u00e9cessaire sur son territoire.<\/li>\n\n\n\n<li>Contribuer \u00e0 la cr\u00e9ation et au d\u00e9veloppement d\u2019organisations syndicales nouvelles parmi les salari\u00e9s actifs, retrait\u00e9s et priv\u00e9s d\u2019emploi.<\/li>\n\n\n\n<li>Permettre l\u2019accueil et l\u2019organisation temporaire des syndiqu\u00e9s isol\u00e9s.<\/li>\n<\/ul>\n\n\n\n<p>Vous trouverez sur ce site les informations essentielles ou les contacts\/liens qui vous permettront de vous mettre en contact avec la structure adapt\u00e9e \u00e0 votre besoin.<\/p>\n\n\n\n<p>N\u2019h\u00e9sitez pas \u00e0 <a href=\"https:\/\/ul-cgt-aubagne.fr\/index.php\/contact\/\">nous contacter<\/a><br>Libres, responsables, syndiqu\u00e9s&nbsp;!<\/p>\n\n\n\n<div id=\"news\" class=\"wp-block-group has-global-padding is-layout-constrained wp-block-group-is-layout-constrained\">\n<hr class=\"wp-block-separator has-alpha-channel-opacity\"\/>\n\n\n\n<h2 class=\"wp-block-heading has-text-align-left\">Nos derni\u00e8res nouvelles&#8230;<\/h2>\n\n\n\n<div style=\"height:33px\" aria-hidden=\"true\" class=\"wp-block-spacer\"><\/div>\n\n\n\n<div class=\"wp-block-query is-layout-flow wp-block-query-is-layout-flow\"><ul class=\"columns-3 wp-block-post-template is-layout-grid wp-container-core-post-template-is-layout-6aac66c0 wp-block-post-template-is-layout-grid\"><li class=\"wp-block-post post-1070 post type-post status-publish format-standard has-post-thumbnail hentry category-blog\">\n<figure style=\"width:100%;height:240px; margin-bottom:var(--wp--preset--spacing--x-small);\" class=\"wp-block-post-featured-image\"><a href=\"https:\/\/ul-cgt-aubagne.fr\/index.php\/2026\/04\/14\/1er-mai-2026\/\" target=\"_self\"  style=\"height:240px\"><img loading=\"lazy\" decoding=\"async\" width=\"945\" height=\"1337\" src=\"https:\/\/ul-cgt-aubagne.fr\/wp-content\/uploads\/2026\/04\/2026-05-01-affiche.png\" class=\"attachment-post-thumbnail size-post-thumbnail wp-post-image\" alt=\"1er mai 2026 !\" style=\"border-radius:5px;height:240px;object-fit:cover;\" srcset=\"https:\/\/ul-cgt-aubagne.fr\/wp-content\/uploads\/2026\/04\/2026-05-01-affiche.png 945w, https:\/\/ul-cgt-aubagne.fr\/wp-content\/uploads\/2026\/04\/2026-05-01-affiche-212x300.png 212w, https:\/\/ul-cgt-aubagne.fr\/wp-content\/uploads\/2026\/04\/2026-05-01-affiche-724x1024.png 724w\" sizes=\"auto, 100vw\" \/><\/a><\/figure>\n\n<div style=\"margin-top:0;margin-bottom:0;\" class=\"has-link-color wp-elements-a1817b6b9e4eaefd5826fde68b0a8fdb wp-block-post-date has-text-color has-tertiary-color\"><time datetime=\"2026-04-14T11:14:50+02:00\">14 avril 2026<\/time><\/div>\n\n<h3 style=\"margin-top:0;margin-bottom:var(--wp--preset--spacing--x-small);\" class=\"has-link-color wp-elements-2e75b4e4fab489cf445e03eda13279d1 wp-block-post-title\"><a href=\"https:\/\/ul-cgt-aubagne.fr\/index.php\/2026\/04\/14\/1er-mai-2026\/\" target=\"_self\" >1er mai 2026 !<\/a><\/h3>\n\n<div class=\"has-link-color wp-elements-61eeeb1d6c31f3761cb8bc35b6e1a095 wp-block-post-excerpt has-text-color has-tertiary-color\"><p class=\"wp-block-post-excerpt__excerpt\">Ce 1er Mai, journ\u00e9e Internationale&nbsp;(163 pays sont concern\u00e9s)&nbsp;pour les droits des travailleurs,&nbsp; aura une signification toute particuli\u00e8re au vu du contexte&nbsp;international&nbsp;et&nbsp;national. En effet, le 1er Mai est l&rsquo;occasion de rappeler le caract\u00e8re universel de notre combat, la n\u00e9cessaire\u2026 <\/p><\/div>\n\n<a style=\"text-transform:uppercase; border-width:2px; padding-right:var(--wp--preset--spacing--x-small);padding-left:var(--wp--preset--spacing--x-small);padding-top:10px;padding-bottom:10px;\" class=\"wp-block-read-more has-text-color has-foreground-color\" href=\"https:\/\/ul-cgt-aubagne.fr\/index.php\/2026\/04\/14\/1er-mai-2026\/\" target=\"_self\">Lire la suite<span class=\"screen-reader-text\">\u00a0: 1er mai 2026 !<\/span><\/a>\n<\/li><li class=\"wp-block-post post-1066 post type-post status-publish format-standard has-post-thumbnail hentry category-blog\">\n<figure style=\"width:100%;height:240px; margin-bottom:var(--wp--preset--spacing--x-small);\" class=\"wp-block-post-featured-image\"><a href=\"https:\/\/ul-cgt-aubagne.fr\/index.php\/2026\/03\/13\/manifestation-le-14-mars\/\" target=\"_self\"  style=\"height:240px\"><img loading=\"lazy\" decoding=\"async\" width=\"945\" height=\"1181\" src=\"https:\/\/ul-cgt-aubagne.fr\/wp-content\/uploads\/2026\/03\/2026-03-14-manif.png\" class=\"attachment-post-thumbnail size-post-thumbnail wp-post-image\" alt=\"Manifestation le 14 mars\" style=\"border-radius:5px;height:240px;object-fit:cover;\" srcset=\"https:\/\/ul-cgt-aubagne.fr\/wp-content\/uploads\/2026\/03\/2026-03-14-manif.png 945w, https:\/\/ul-cgt-aubagne.fr\/wp-content\/uploads\/2026\/03\/2026-03-14-manif-240x300.png 240w, https:\/\/ul-cgt-aubagne.fr\/wp-content\/uploads\/2026\/03\/2026-03-14-manif-819x1024.png 819w\" sizes=\"auto, 100vw\" \/><\/a><\/figure>\n\n<div style=\"margin-top:0;margin-bottom:0;\" class=\"has-link-color wp-elements-a1817b6b9e4eaefd5826fde68b0a8fdb wp-block-post-date has-text-color has-tertiary-color\"><time datetime=\"2026-03-13T22:15:04+01:00\">13 mars 2026<\/time><\/div>\n\n<h3 style=\"margin-top:0;margin-bottom:var(--wp--preset--spacing--x-small);\" class=\"has-link-color wp-elements-2e75b4e4fab489cf445e03eda13279d1 wp-block-post-title\"><a href=\"https:\/\/ul-cgt-aubagne.fr\/index.php\/2026\/03\/13\/manifestation-le-14-mars\/\" target=\"_self\" >Manifestation le 14 mars<\/a><\/h3>\n\n<div class=\"has-link-color wp-elements-61eeeb1d6c31f3761cb8bc35b6e1a095 wp-block-post-excerpt has-text-color has-tertiary-color\"><p class=\"wp-block-post-excerpt__excerpt\">Non au racisme, aux fascistes, aux violences d\u2019\u00e9tat ! Manifestation \u00e0 14h \u00e0 Marseille, Porte d&rsquo;Aix. <\/p><\/div>\n\n<a style=\"text-transform:uppercase; border-width:2px; padding-right:var(--wp--preset--spacing--x-small);padding-left:var(--wp--preset--spacing--x-small);padding-top:10px;padding-bottom:10px;\" class=\"wp-block-read-more has-text-color has-foreground-color\" href=\"https:\/\/ul-cgt-aubagne.fr\/index.php\/2026\/03\/13\/manifestation-le-14-mars\/\" target=\"_self\">Lire la suite<span class=\"screen-reader-text\">\u00a0: Manifestation le 14 mars<\/span><\/a>\n<\/li><li class=\"wp-block-post post-1061 post type-post status-publish format-standard has-post-thumbnail hentry category-blog\">\n<figure style=\"width:100%;height:240px; margin-bottom:var(--wp--preset--spacing--x-small);\" class=\"wp-block-post-featured-image\"><a href=\"https:\/\/ul-cgt-aubagne.fr\/index.php\/2026\/01\/27\/meeting-cgt-a-gardanne\/\" target=\"_self\"  style=\"height:240px\"><img loading=\"lazy\" decoding=\"async\" width=\"945\" height=\"1337\" src=\"https:\/\/ul-cgt-aubagne.fr\/wp-content\/uploads\/2026\/01\/image.png\" class=\"attachment-post-thumbnail size-post-thumbnail wp-post-image\" alt=\"Meeting CGT \u00e0 Gardanne\" style=\"border-radius:5px;height:240px;object-fit:cover;\" srcset=\"https:\/\/ul-cgt-aubagne.fr\/wp-content\/uploads\/2026\/01\/image.png 945w, https:\/\/ul-cgt-aubagne.fr\/wp-content\/uploads\/2026\/01\/image-212x300.png 212w, https:\/\/ul-cgt-aubagne.fr\/wp-content\/uploads\/2026\/01\/image-724x1024.png 724w\" sizes=\"auto, 100vw\" \/><\/a><\/figure>\n\n<div style=\"margin-top:0;margin-bottom:0;\" class=\"has-link-color wp-elements-a1817b6b9e4eaefd5826fde68b0a8fdb wp-block-post-date has-text-color has-tertiary-color\"><time datetime=\"2026-01-27T15:33:00+01:00\">27 janvier 2026<\/time><\/div>\n\n<h3 style=\"margin-top:0;margin-bottom:var(--wp--preset--spacing--x-small);\" class=\"has-link-color wp-elements-2e75b4e4fab489cf445e03eda13279d1 wp-block-post-title\"><a href=\"https:\/\/ul-cgt-aubagne.fr\/index.php\/2026\/01\/27\/meeting-cgt-a-gardanne\/\" target=\"_self\" >Meeting CGT \u00e0 Gardanne<\/a><\/h3>\n\n<div class=\"has-link-color wp-elements-61eeeb1d6c31f3761cb8bc35b6e1a095 wp-block-post-excerpt has-text-color has-tertiary-color\"><p class=\"wp-block-post-excerpt__excerpt\">Meeting de la CGT le 13 f\u00e9vrier 2026 \u00e0 11h \u00e0 la Centrale de Gardanne avec la pr\u00e9sence des f\u00e9d\u00e9rations FNME et Ports et Docks ainsi que de la Secr\u00e9taire G\u00e9n\u00e9rale de la CGT, Sophie Binet. <\/p><\/div>\n\n<a style=\"text-transform:uppercase; border-width:2px; padding-right:var(--wp--preset--spacing--x-small);padding-left:var(--wp--preset--spacing--x-small);padding-top:10px;padding-bottom:10px;\" class=\"wp-block-read-more has-text-color has-foreground-color\" href=\"https:\/\/ul-cgt-aubagne.fr\/index.php\/2026\/01\/27\/meeting-cgt-a-gardanne\/\" target=\"_self\">Lire la suite<span class=\"screen-reader-text\">\u00a0: Meeting CGT \u00e0 Gardanne<\/span><\/a>\n<\/li><\/ul>\n\n\n<div class=\"wp-block-buttons is-content-justification-center is-layout-flex wp-container-core-buttons-is-layout-a89b3969 wp-block-buttons-is-layout-flex\">\n<div class=\"wp-block-button\"><a class=\"wp-block-button__link wp-element-button\" href=\"https:\/\/ul-cgt-aubagne.fr\/index.php\/le-blog-de-lunion-locale\/\">Tous les articles sur notre Blog&#8230;<\/a><\/div>\n<\/div>\n<\/div>\n\n\n\n<hr class=\"wp-block-separator has-alpha-channel-opacity\"\/>\n<\/div>\n\n\n\n<div class=\"wp-block-columns is-layout-flex wp-container-core-columns-is-layout-e0e4babd wp-block-columns-is-layout-flex\" style=\"padding-right:0;padding-left:0\">\n<div class=\"wp-block-column is-layout-flow wp-block-column-is-layout-flow\">\n<div class=\"wp-block-cover\" style=\"border-radius:20px\"><img loading=\"lazy\" decoding=\"async\" width=\"600\" height=\"400\" class=\"wp-block-cover__image-background wp-image-43\" alt=\"\" src=\"https:\/\/ul-cgt-aubagne.fr\/wp-content\/uploads\/2023\/10\/collectif-mixite.jpg\" data-object-fit=\"cover\" srcset=\"https:\/\/ul-cgt-aubagne.fr\/wp-content\/uploads\/2023\/10\/collectif-mixite.jpg 600w, https:\/\/ul-cgt-aubagne.fr\/wp-content\/uploads\/2023\/10\/collectif-mixite-300x200.jpg 300w\" sizes=\"auto, (max-width: 600px) 100vw, 600px\" \/><span aria-hidden=\"true\" class=\"wp-block-cover__background has-background-dim\"><\/span><div class=\"wp-block-cover__inner-container is-layout-flow wp-block-cover-is-layout-flow\">\n<p class=\"has-text-align-center has-link-color has-large-font-size wp-elements-a0e63d9118c9d65d5b65a25c8a0d912b\"><a href=\"https:\/\/ul-cgt-aubagne.fr\/index.php\/les-collectifs\/\"><strong>Les Collectifs<\/strong><\/a><\/p>\n<\/div><\/div>\n<\/div>\n\n\n\n<div class=\"wp-block-column is-layout-flow wp-block-column-is-layout-flow\">\n<div class=\"wp-block-cover\" style=\"border-radius:20px\"><img loading=\"lazy\" decoding=\"async\" width=\"226\" height=\"216\" class=\"wp-block-cover__image-background wp-image-107\" alt=\"\" src=\"https:\/\/ul-cgt-aubagne.fr\/wp-content\/uploads\/2023\/11\/image-2.png\" data-object-fit=\"cover\"\/><span aria-hidden=\"true\" class=\"wp-block-cover__background has-background-dim\"><\/span><div class=\"wp-block-cover__inner-container has-global-padding is-layout-constrained wp-block-cover-is-layout-constrained\">\n<p class=\"has-text-align-center has-link-color has-large-font-size wp-elements-bad5420562f1c7db64b4d40937ec2056\"><a href=\"https:\/\/ul-cgt-aubagne.fr\/index.php\/dlaj\/\"><strong>DLAJ<\/strong><\/a><\/p>\n\n\n\n<p class=\"has-text-align-center has-link-color wp-elements-d7813d1f95855db83b00f8e8dd479b1f\"><strong><a href=\"https:\/\/ul-cgt-aubagne.fr\/index.php\/dlaj\/\">Droits Libert\u00e9s et Actions Juridiques<\/a><\/strong><\/p>\n<\/div><\/div>\n<\/div>\n\n\n\n<div class=\"wp-block-column is-layout-flow wp-block-column-is-layout-flow\">\n<div class=\"wp-block-cover\" style=\"border-radius:20px\"><img loading=\"lazy\" decoding=\"async\" width=\"191\" height=\"207\" class=\"wp-block-cover__image-background wp-image-10\" alt=\"\" src=\"https:\/\/ul-cgt-aubagne.fr\/wp-content\/uploads\/2023\/10\/logo-cgt-aubagne.jpg\" data-object-fit=\"cover\"\/><span aria-hidden=\"true\" class=\"wp-block-cover__background has-background-dim\"><\/span><div class=\"wp-block-cover__inner-container has-global-padding is-layout-constrained wp-block-cover-is-layout-constrained\">\n<p class=\"has-text-align-center has-link-color has-large-font-size wp-elements-72518dac881bfcbb381d339087abc47d\"><a href=\"https:\/\/ul-cgt-aubagne.fr\/index.php\/contact\/\"><strong>Nous contacter<\/strong><\/a><\/p>\n<\/div><\/div>\n<\/div>\n<\/div>\n\n\n","protected":false},"excerpt":{"rendered":"<p>Les unions locales sont constitu\u00e9es par les syndicats et sections syndicales relevant d\u2019une m\u00eame zone g\u00e9ographique.L\u2019union locale impulse et coordonne l\u2019activit\u00e9 de la CGT dans son secteur\u00a0: Aubagne, La Penne sur Huveaune, G\u00e9menos, Cuges les Pins, Belcod\u00e8ne, Peypin, La Bouilladisse, La Destrousse, Roquevaire, Auriol. Elle est le lieu privil\u00e9gi\u00e9 o\u00f9 les syndicats et sections syndicales &hellip; <\/p>\n<p class=\"link-more\"><a href=\"https:\/\/ul-cgt-aubagne.fr\/\" class=\"more-link\">Lire la suite de<span class=\"screen-reader-text\">\u00ab\u00a0Bienvenue sur le site de l\u2019UL CGT Aubagne !\u00a0\u00bb<\/span><\/a><\/p>\n","protected":false},"author":1,"featured_media":0,"parent":0,"menu_order":0,"comment_status":"closed","ping_status":"closed","template":"","meta":{"inspiro_hide_title":false,"footnotes":""},"class_list":["post-204","page","type-page","status-publish","hentry"],"yoast_head":"<!-- This site is optimized with the Yoast SEO plugin v27.4 - https:\/\/yoast.com\/product\/yoast-seo-wordpress\/ -->\n<title>Bienvenue sur le site de l\u2019UL CGT Aubagne ! - Union Locale CGT Aubagne<\/title>\n<meta name=\"robots\" content=\"index, follow, max-snippet:-1, max-image-preview:large, max-video-preview:-1\" \/>\n<link rel=\"canonical\" href=\"https:\/\/ul-cgt-aubagne.fr\/\" \/>\n<meta property=\"og:locale\" content=\"fr_FR\" \/>\n<meta property=\"og:type\" content=\"article\" \/>\n<meta property=\"og:title\" content=\"Bienvenue sur le site de l\u2019UL CGT Aubagne ! - Union Locale CGT Aubagne\" \/>\n<meta property=\"og:description\" content=\"Les unions locales sont constitu\u00e9es par les syndicats et sections syndicales relevant d\u2019une m\u00eame zone g\u00e9ographique.L\u2019union locale impulse et coordonne l\u2019activit\u00e9 de la CGT dans son secteur\u00a0: Aubagne, La Penne sur Huveaune, G\u00e9menos, Cuges les Pins, Belcod\u00e8ne, Peypin, La Bouilladisse, La Destrousse, Roquevaire, Auriol. Elle est le lieu privil\u00e9gi\u00e9 o\u00f9 les syndicats et sections syndicales &hellip; Lire la suite de\u00ab\u00a0Bienvenue sur le site de l\u2019UL CGT Aubagne !\u00a0\u00bb\" \/>\n<meta property=\"og:url\" content=\"https:\/\/ul-cgt-aubagne.fr\/\" \/>\n<meta property=\"og:site_name\" content=\"Union Locale CGT Aubagne\" \/>\n<meta property=\"article:publisher\" content=\"https:\/\/www.facebook.com\/ULCGTAubagne\/\" \/>\n<meta property=\"article:modified_time\" content=\"2025-07-24T09:35:27+00:00\" \/>\n<meta property=\"og:image\" content=\"https:\/\/ul-cgt-aubagne.fr\/wp-content\/uploads\/2023\/10\/collectif-mixite.jpg\" \/>\n<meta name=\"twitter:card\" content=\"summary_large_image\" \/>\n<meta name=\"twitter:label1\" content=\"Dur\u00e9e de lecture estim\u00e9e\" \/>\n\t<meta name=\"twitter:data1\" content=\"2 minutes\" \/>\n<script type=\"application\/ld+json\" class=\"yoast-schema-graph\">{\"@context\":\"https:\\\/\\\/schema.org\",\"@graph\":[{\"@type\":\"WebPage\",\"@id\":\"https:\\\/\\\/ul-cgt-aubagne.fr\\\/\",\"url\":\"https:\\\/\\\/ul-cgt-aubagne.fr\\\/\",\"name\":\"Bienvenue sur le site de l\u2019UL CGT Aubagne ! - Union Locale CGT Aubagne\",\"isPartOf\":{\"@id\":\"https:\\\/\\\/ul-cgt-aubagne.fr\\\/#website\"},\"primaryImageOfPage\":{\"@id\":\"https:\\\/\\\/ul-cgt-aubagne.fr\\\/#primaryimage\"},\"image\":{\"@id\":\"https:\\\/\\\/ul-cgt-aubagne.fr\\\/#primaryimage\"},\"thumbnailUrl\":\"https:\\\/\\\/ul-cgt-aubagne.fr\\\/wp-content\\\/uploads\\\/2023\\\/10\\\/collectif-mixite.jpg\",\"datePublished\":\"2024-01-10T10:39:45+00:00\",\"dateModified\":\"2025-07-24T09:35:27+00:00\",\"breadcrumb\":{\"@id\":\"https:\\\/\\\/ul-cgt-aubagne.fr\\\/#breadcrumb\"},\"inLanguage\":\"fr-FR\",\"potentialAction\":[{\"@type\":\"ReadAction\",\"target\":[\"https:\\\/\\\/ul-cgt-aubagne.fr\\\/\"]}]},{\"@type\":\"ImageObject\",\"inLanguage\":\"fr-FR\",\"@id\":\"https:\\\/\\\/ul-cgt-aubagne.fr\\\/#primaryimage\",\"url\":\"https:\\\/\\\/ul-cgt-aubagne.fr\\\/wp-content\\\/uploads\\\/2023\\\/10\\\/collectif-mixite.jpg\",\"contentUrl\":\"https:\\\/\\\/ul-cgt-aubagne.fr\\\/wp-content\\\/uploads\\\/2023\\\/10\\\/collectif-mixite.jpg\",\"width\":600,\"height\":400},{\"@type\":\"BreadcrumbList\",\"@id\":\"https:\\\/\\\/ul-cgt-aubagne.fr\\\/#breadcrumb\",\"itemListElement\":[{\"@type\":\"ListItem\",\"position\":1,\"name\":\"Accueil\",\"item\":\"https:\\\/\\\/ul-cgt-aubagne.fr\\\/\"},{\"@type\":\"ListItem\",\"position\":2,\"name\":\"Bienvenue sur le site de l\u2019UL CGT Aubagne !\"}]},{\"@type\":\"WebSite\",\"@id\":\"https:\\\/\\\/ul-cgt-aubagne.fr\\\/#website\",\"url\":\"https:\\\/\\\/ul-cgt-aubagne.fr\\\/\",\"name\":\"Union Locale CGT Aubagne\",\"description\":\"La CGT d&#039;Aubagne et sa R\u00e9gion\",\"publisher\":{\"@id\":\"https:\\\/\\\/ul-cgt-aubagne.fr\\\/#organization\"},\"potentialAction\":[{\"@type\":\"SearchAction\",\"target\":{\"@type\":\"EntryPoint\",\"urlTemplate\":\"https:\\\/\\\/ul-cgt-aubagne.fr\\\/?s={search_term_string}\"},\"query-input\":{\"@type\":\"PropertyValueSpecification\",\"valueRequired\":true,\"valueName\":\"search_term_string\"}}],\"inLanguage\":\"fr-FR\"},{\"@type\":\"Organization\",\"@id\":\"https:\\\/\\\/ul-cgt-aubagne.fr\\\/#organization\",\"name\":\"Union Locale CGT Aubagne\",\"url\":\"https:\\\/\\\/ul-cgt-aubagne.fr\\\/\",\"logo\":{\"@type\":\"ImageObject\",\"inLanguage\":\"fr-FR\",\"@id\":\"https:\\\/\\\/ul-cgt-aubagne.fr\\\/#\\\/schema\\\/logo\\\/image\\\/\",\"url\":\"https:\\\/\\\/ul-cgt-aubagne.fr\\\/wp-content\\\/uploads\\\/2025\\\/09\\\/20250921_091219-scaled.jpg\",\"contentUrl\":\"https:\\\/\\\/ul-cgt-aubagne.fr\\\/wp-content\\\/uploads\\\/2025\\\/09\\\/20250921_091219-scaled.jpg\",\"width\":1941,\"height\":2560,\"caption\":\"Union Locale CGT Aubagne\"},\"image\":{\"@id\":\"https:\\\/\\\/ul-cgt-aubagne.fr\\\/#\\\/schema\\\/logo\\\/image\\\/\"},\"sameAs\":[\"https:\\\/\\\/www.facebook.com\\\/ULCGTAubagne\\\/\"]}]}<\/script>\n<!-- \/ Yoast SEO plugin. -->","yoast_head_json":{"title":"Bienvenue sur le site de l\u2019UL CGT Aubagne ! - Union Locale CGT Aubagne","robots":{"index":"index","follow":"follow","max-snippet":"max-snippet:-1","max-image-preview":"max-image-preview:large","max-video-preview":"max-video-preview:-1"},"canonical":"https:\/\/ul-cgt-aubagne.fr\/","og_locale":"fr_FR","og_type":"article","og_title":"Bienvenue sur le site de l\u2019UL CGT Aubagne ! - Union Locale CGT Aubagne","og_description":"Les unions locales sont constitu\u00e9es par les syndicats et sections syndicales relevant d\u2019une m\u00eame zone g\u00e9ographique.L\u2019union locale impulse et coordonne l\u2019activit\u00e9 de la CGT dans son secteur\u00a0: Aubagne, La Penne sur Huveaune, G\u00e9menos, Cuges les Pins, Belcod\u00e8ne, Peypin, La Bouilladisse, La Destrousse, Roquevaire, Auriol. Elle est le lieu privil\u00e9gi\u00e9 o\u00f9 les syndicats et sections syndicales &hellip; Lire la suite de\u00ab\u00a0Bienvenue sur le site de l\u2019UL CGT Aubagne !\u00a0\u00bb","og_url":"https:\/\/ul-cgt-aubagne.fr\/","og_site_name":"Union Locale CGT Aubagne","article_publisher":"https:\/\/www.facebook.com\/ULCGTAubagne\/","article_modified_time":"2025-07-24T09:35:27+00:00","og_image":[{"url":"https:\/\/ul-cgt-aubagne.fr\/wp-content\/uploads\/2023\/10\/collectif-mixite.jpg","type":"","width":"","height":""}],"twitter_card":"summary_large_image","twitter_misc":{"Dur\u00e9e de lecture estim\u00e9e":"2 minutes"},"schema":{"@context":"https:\/\/schema.org","@graph":[{"@type":"WebPage","@id":"https:\/\/ul-cgt-aubagne.fr\/","url":"https:\/\/ul-cgt-aubagne.fr\/","name":"Bienvenue sur le site de l\u2019UL CGT Aubagne ! - Union Locale CGT Aubagne","isPartOf":{"@id":"https:\/\/ul-cgt-aubagne.fr\/#website"},"primaryImageOfPage":{"@id":"https:\/\/ul-cgt-aubagne.fr\/#primaryimage"},"image":{"@id":"https:\/\/ul-cgt-aubagne.fr\/#primaryimage"},"thumbnailUrl":"https:\/\/ul-cgt-aubagne.fr\/wp-content\/uploads\/2023\/10\/collectif-mixite.jpg","datePublished":"2024-01-10T10:39:45+00:00","dateModified":"2025-07-24T09:35:27+00:00","breadcrumb":{"@id":"https:\/\/ul-cgt-aubagne.fr\/#breadcrumb"},"inLanguage":"fr-FR","potentialAction":[{"@type":"ReadAction","target":["https:\/\/ul-cgt-aubagne.fr\/"]}]},{"@type":"ImageObject","inLanguage":"fr-FR","@id":"https:\/\/ul-cgt-aubagne.fr\/#primaryimage","url":"https:\/\/ul-cgt-aubagne.fr\/wp-content\/uploads\/2023\/10\/collectif-mixite.jpg","contentUrl":"https:\/\/ul-cgt-aubagne.fr\/wp-content\/uploads\/2023\/10\/collectif-mixite.jpg","width":600,"height":400},{"@type":"BreadcrumbList","@id":"https:\/\/ul-cgt-aubagne.fr\/#breadcrumb","itemListElement":[{"@type":"ListItem","position":1,"name":"Accueil","item":"https:\/\/ul-cgt-aubagne.fr\/"},{"@type":"ListItem","position":2,"name":"Bienvenue sur le site de l\u2019UL CGT Aubagne !"}]},{"@type":"WebSite","@id":"https:\/\/ul-cgt-aubagne.fr\/#website","url":"https:\/\/ul-cgt-aubagne.fr\/","name":"Union Locale CGT Aubagne","description":"La CGT d&#039;Aubagne et sa R\u00e9gion","publisher":{"@id":"https:\/\/ul-cgt-aubagne.fr\/#organization"},"potentialAction":[{"@type":"SearchAction","target":{"@type":"EntryPoint","urlTemplate":"https:\/\/ul-cgt-aubagne.fr\/?s={search_term_string}"},"query-input":{"@type":"PropertyValueSpecification","valueRequired":true,"valueName":"search_term_string"}}],"inLanguage":"fr-FR"},{"@type":"Organization","@id":"https:\/\/ul-cgt-aubagne.fr\/#organization","name":"Union Locale CGT Aubagne","url":"https:\/\/ul-cgt-aubagne.fr\/","logo":{"@type":"ImageObject","inLanguage":"fr-FR","@id":"https:\/\/ul-cgt-aubagne.fr\/#\/schema\/logo\/image\/","url":"https:\/\/ul-cgt-aubagne.fr\/wp-content\/uploads\/2025\/09\/20250921_091219-scaled.jpg","contentUrl":"https:\/\/ul-cgt-aubagne.fr\/wp-content\/uploads\/2025\/09\/20250921_091219-scaled.jpg","width":1941,"height":2560,"caption":"Union Locale CGT Aubagne"},"image":{"@id":"https:\/\/ul-cgt-aubagne.fr\/#\/schema\/logo\/image\/"},"sameAs":["https:\/\/www.facebook.com\/ULCGTAubagne\/"]}]}},"_links":{"self":[{"href":"https:\/\/ul-cgt-aubagne.fr\/index.php\/wp-json\/wp\/v2\/pages\/204","targetHints":{"allow":["GET"]}}],"collection":[{"href":"https:\/\/ul-cgt-aubagne.fr\/index.php\/wp-json\/wp\/v2\/pages"}],"about":[{"href":"https:\/\/ul-cgt-aubagne.fr\/index.php\/wp-json\/wp\/v2\/types\/page"}],"author":[{"embeddable":true,"href":"https:\/\/ul-cgt-aubagne.fr\/index.php\/wp-json\/wp\/v2\/users\/1"}],"replies":[{"embeddable":true,"href":"https:\/\/ul-cgt-aubagne.fr\/index.php\/wp-json\/wp\/v2\/comments?post=204"}],"version-history":[{"count":40,"href":"https:\/\/ul-cgt-aubagne.fr\/index.php\/wp-json\/wp\/v2\/pages\/204\/revisions"}],"predecessor-version":[{"id":816,"href":"https:\/\/ul-cgt-aubagne.fr\/index.php\/wp-json\/wp\/v2\/pages\/204\/revisions\/816"}],"wp:attachment":[{"href":"https:\/\/ul-cgt-aubagne.fr\/index.php\/wp-json\/wp\/v2\/media?parent=204"}],"curies":[{"name":"wp","href":"https:\/\/api.w.org\/{rel}","templated":true}]}}